{"id":1211,"date":"2026-03-08T21:19:31","date_gmt":"2026-03-08T20:19:31","guid":{"rendered":"https:\/\/lejardindecorail.com\/superhote-logement\/la-vita-bella-superbe-t2-a-st-gilles-leperon\/"},"modified":"2026-04-26T22:15:20","modified_gmt":"2026-04-26T20:15:20","slug":"la-vita-bella-superbe-t2-a-st-gilles-leperon","status":"publish","type":"superhote_rental","link":"https:\/\/lejardindecorail.com\/de\/reunion-vermietung\/la-vita-bella-superbe-t2-a-st-gilles-leperon\/","title":{"rendered":"La Vita Bella, Superbe T2 \u00e0 St Gilles &#8211; l&rsquo;Eperon"},"content":{"rendered":"<p>La Vita Bella superbe appartement T2 de 46m2 + 11m2 de terrasse r\u00e9cent et d\u00e9cor\u00e9 avec go\u00fbt dans une r\u00e9sidence de standing tr\u00e8s calme s\u00e9curis\u00e9e et proche de toutes commodit\u00e9s. Il se compose d&rsquo;une grande chambre climatis\u00e9e&nbsp; \u00e9quip\u00e9e d&rsquo;un grand lit 160 x 200, d&rsquo;une salle de bains avec lavabo et baignoire, d&rsquo;un wc, d&rsquo;un vaste salon \u00e9quip\u00e9 d&rsquo;un canap\u00e9 convertible 140&nbsp; avec coin bureau, Tv et&nbsp; internet, wifi gratuite. Cuisine toute \u00e9quip\u00e9e, r\u00e9frig\u00e9rateur, micro-ondes, terrasse avec vue sur golf et mer.<\/p>\n<p>La Vita Bella se situe \u00e0 2 minutes des Cascades, 10 min du lagon et 40 min du Maido<\/p>\n<p><\/p>\n<\/p>\n<p>\u200b<\/p>\n<p><\/p><\/p>","protected":false},"excerpt":{"rendered":"<p>La Vita Bella superbe appartement T2 de 46m2 + 11m2 de terrasse r\u00e9cent et d\u00e9cor\u00e9 avec go\u00fbt dans une r\u00e9sidence de standing tr\u00e8s calme s\u00e9curis\u00e9e et proche de toutes commodit\u00e9s. Il se compose d&rsquo;une grande chambre climatis\u00e9e&nbsp; \u00e9quip\u00e9e d&rsquo;un grand\u2026<\/p>","protected":false},"featured_media":0,"template":"","meta":[],"class_list":["post-1211","superhote_rental","type-superhote_rental","status-publish","hentry"],"yoast_head":"<!-- This site is optimized with the Yoast SEO plugin v26.7 - https:\/\/yoast.com\/wordpress\/plugins\/seo\/ -->\n<title>La Vita Bella, Superbe T2 \u00e0 St Gilles - l&#039;Eperon | Le Jardin de Corail<\/title>\n<meta name=\"robots\" content=\"index, follow, max-snippet:-1, max-image-preview:large, max-video-preview:-1\" \/>\n<link rel=\"canonical\" href=\"https:\/\/lejardindecorail.com\/de\/reunion-vermietung\/la-vita-bella-superbe-t2-a-st-gilles-leperon\/\" \/>\n<meta property=\"og:locale\" content=\"de_DE\" \/>\n<meta property=\"og:type\" content=\"article\" \/>\n<meta property=\"og:title\" content=\"La Vita Bella, Superbe T2 \u00e0 St Gilles - l&#039;Eperon | Le Jardin de Corail\" \/>\n<meta property=\"og:description\" content=\"La Vita Bella superbe appartement T2 de 46m2 + 11m2 de terrasse r\u00e9cent et d\u00e9cor\u00e9 avec go\u00fbt dans une r\u00e9sidence de standing tr\u00e8s calme s\u00e9curis\u00e9e et proche de toutes commodit\u00e9s. Il se compose d&#039;une grande chambre climatis\u00e9e&nbsp; \u00e9quip\u00e9e d&#039;un grand\u2026\" \/>\n<meta property=\"og:url\" content=\"https:\/\/lejardindecorail.com\/de\/reunion-vermietung\/la-vita-bella-superbe-t2-a-st-gilles-leperon\/\" \/>\n<meta property=\"og:site_name\" content=\"Le Jardin de Corail\" \/>\n<meta property=\"article:publisher\" content=\"https:\/\/www.facebook.com\/profile.php?id=61584957233103\" \/>\n<meta property=\"article:modified_time\" content=\"2026-04-26T20:15:20+00:00\" \/>\n<meta property=\"og:image\" content=\"https:\/\/lejardindecorail.com\/wp-content\/uploads\/2025\/04\/cropped-le-jardin-de-corail-1.png\" \/>\n\t<meta property=\"og:image:width\" content=\"549\" \/>\n\t<meta property=\"og:image:height\" content=\"279\" \/>\n\t<meta property=\"og:image:type\" content=\"image\/png\" \/>\n<meta name=\"twitter:card\" content=\"summary_large_image\" \/>\n<meta name=\"twitter:label1\" content=\"Gesch\u00e4tzte Lesezeit\" \/>\n\t<meta name=\"twitter:data1\" content=\"1\u00a0Minute\" \/>\n<script type=\"application\/ld+json\" class=\"yoast-schema-graph\">{\"@context\":\"https:\/\/schema.org\",\"@graph\":[{\"@type\":\"WebPage\",\"@id\":\"https:\/\/lejardindecorail.com\/es\/alquiler-reunion\/la-vita-bella-superbe-t2-a-st-gilles-leperon\/\",\"url\":\"https:\/\/lejardindecorail.com\/es\/alquiler-reunion\/la-vita-bella-superbe-t2-a-st-gilles-leperon\/\",\"name\":\"La Vita Bella, Superbe T2 \u00e0 St Gilles - l'Eperon | Le Jardin de Corail\",\"isPartOf\":{\"@id\":\"https:\/\/lejardindecorail.com\/#website\"},\"datePublished\":\"2026-03-08T20:19:31+00:00\",\"dateModified\":\"2026-04-26T20:15:20+00:00\",\"breadcrumb\":{\"@id\":\"https:\/\/lejardindecorail.com\/es\/alquiler-reunion\/la-vita-bella-superbe-t2-a-st-gilles-leperon\/#breadcrumb\"},\"inLanguage\":\"de\",\"potentialAction\":[{\"@type\":\"ReadAction\",\"target\":[\"https:\/\/lejardindecorail.com\/es\/alquiler-reunion\/la-vita-bella-superbe-t2-a-st-gilles-leperon\/\"]}]},{\"@type\":\"BreadcrumbList\",\"@id\":\"https:\/\/lejardindecorail.com\/es\/alquiler-reunion\/la-vita-bella-superbe-t2-a-st-gilles-leperon\/#breadcrumb\",\"itemListElement\":[{\"@type\":\"ListItem\",\"position\":1,\"name\":\"Home\",\"item\":\"https:\/\/lejardindecorail.com\/\"},{\"@type\":\"ListItem\",\"position\":2,\"name\":\"La Vita Bella, Superbe T2 \u00e0 St Gilles &#8211; l&rsquo;Eperon\"}]},{\"@type\":\"WebSite\",\"@id\":\"https:\/\/lejardindecorail.com\/#website\",\"url\":\"https:\/\/lejardindecorail.com\/\",\"name\":\"Le Jardin de Corail |\u00a0Location saisonni\u00e8re Conciergerie \u00e0 la R\u00e9union\",\"description\":\"Locations \u00e0 La R\u00e9union\",\"publisher\":{\"@id\":\"https:\/\/lejardindecorail.com\/#organization\"},\"potentialAction\":[{\"@type\":\"SearchAction\",\"target\":{\"@type\":\"EntryPoint\",\"urlTemplate\":\"https:\/\/lejardindecorail.com\/?s={search_term_string}\"},\"query-input\":{\"@type\":\"PropertyValueSpecification\",\"valueRequired\":true,\"valueName\":\"search_term_string\"}}],\"inLanguage\":\"de\"},{\"@type\":\"Organization\",\"@id\":\"https:\/\/lejardindecorail.com\/#organization\",\"name\":\"Le Jardin de Corail\",\"url\":\"https:\/\/lejardindecorail.com\/\",\"logo\":{\"@type\":\"ImageObject\",\"inLanguage\":\"de\",\"@id\":\"https:\/\/lejardindecorail.com\/#\/schema\/logo\/image\/\",\"url\":\"https:\/\/lejardindecorail.com\/wp-content\/uploads\/2025\/04\/le-jardin-de-corail-1.png\",\"contentUrl\":\"https:\/\/lejardindecorail.com\/wp-content\/uploads\/2025\/04\/le-jardin-de-corail-1.png\",\"width\":559,\"height\":285,\"caption\":\"Le Jardin de Corail\"},\"image\":{\"@id\":\"https:\/\/lejardindecorail.com\/#\/schema\/logo\/image\/\"},\"sameAs\":[\"https:\/\/www.facebook.com\/profile.php?id=61584957233103\",\"https:\/\/www.instagram.com\/jardin_de_corail\/\"]}]}<\/script>\n<!-- \/ Yoast SEO plugin. -->","yoast_head_json":{"title":"La Vita Bella, Superbe T2 \u00e0 St Gilles - l'Eperon | Le Jardin de Corail","robots":{"index":"index","follow":"follow","max-snippet":"max-snippet:-1","max-image-preview":"max-image-preview:large","max-video-preview":"max-video-preview:-1"},"canonical":"https:\/\/lejardindecorail.com\/de\/reunion-vermietung\/la-vita-bella-superbe-t2-a-st-gilles-leperon\/","og_locale":"de_DE","og_type":"article","og_title":"La Vita Bella, Superbe T2 \u00e0 St Gilles - l'Eperon | Le Jardin de Corail","og_description":"La Vita Bella superbe appartement T2 de 46m2 + 11m2 de terrasse r\u00e9cent et d\u00e9cor\u00e9 avec go\u00fbt dans une r\u00e9sidence de standing tr\u00e8s calme s\u00e9curis\u00e9e et proche de toutes commodit\u00e9s. Il se compose d'une grande chambre climatis\u00e9e&nbsp; \u00e9quip\u00e9e d'un grand\u2026","og_url":"https:\/\/lejardindecorail.com\/de\/reunion-vermietung\/la-vita-bella-superbe-t2-a-st-gilles-leperon\/","og_site_name":"Le Jardin de Corail","article_publisher":"https:\/\/www.facebook.com\/profile.php?id=61584957233103","article_modified_time":"2026-04-26T20:15:20+00:00","og_image":[{"width":549,"height":279,"url":"https:\/\/lejardindecorail.com\/wp-content\/uploads\/2025\/04\/cropped-le-jardin-de-corail-1.png","type":"image\/png"}],"twitter_card":"summary_large_image","twitter_misc":{"Gesch\u00e4tzte Lesezeit":"1\u00a0Minute"},"schema":{"@context":"https:\/\/schema.org","@graph":[{"@type":"WebPage","@id":"https:\/\/lejardindecorail.com\/es\/alquiler-reunion\/la-vita-bella-superbe-t2-a-st-gilles-leperon\/","url":"https:\/\/lejardindecorail.com\/es\/alquiler-reunion\/la-vita-bella-superbe-t2-a-st-gilles-leperon\/","name":"La Vita Bella, Superbe T2 \u00e0 St Gilles - l'Eperon | Le Jardin de Corail","isPartOf":{"@id":"https:\/\/lejardindecorail.com\/#website"},"datePublished":"2026-03-08T20:19:31+00:00","dateModified":"2026-04-26T20:15:20+00:00","breadcrumb":{"@id":"https:\/\/lejardindecorail.com\/es\/alquiler-reunion\/la-vita-bella-superbe-t2-a-st-gilles-leperon\/#breadcrumb"},"inLanguage":"de","potentialAction":[{"@type":"ReadAction","target":["https:\/\/lejardindecorail.com\/es\/alquiler-reunion\/la-vita-bella-superbe-t2-a-st-gilles-leperon\/"]}]},{"@type":"BreadcrumbList","@id":"https:\/\/lejardindecorail.com\/es\/alquiler-reunion\/la-vita-bella-superbe-t2-a-st-gilles-leperon\/#breadcrumb","itemListElement":[{"@type":"ListItem","position":1,"name":"Home","item":"https:\/\/lejardindecorail.com\/"},{"@type":"ListItem","position":2,"name":"La Vita Bella, Superbe T2 \u00e0 St Gilles &#8211; l&rsquo;Eperon"}]},{"@type":"WebSite","@id":"https:\/\/lejardindecorail.com\/#website","url":"https:\/\/lejardindecorail.com\/","name":"Der Korallengarten | Saisonvermietung Conciergeservice auf La R\u00e9union","description":"Vermietungen auf La R\u00e9union","publisher":{"@id":"https:\/\/lejardindecorail.com\/#organization"},"potentialAction":[{"@type":"SearchAction","target":{"@type":"EntryPoint","urlTemplate":"https:\/\/lejardindecorail.com\/?s={search_term_string}"},"query-input":{"@type":"PropertyValueSpecification","valueRequired":true,"valueName":"search_term_string"}}],"inLanguage":"de"},{"@type":"Organization","@id":"https:\/\/lejardindecorail.com\/#organization","name":"Der Korallengarten","url":"https:\/\/lejardindecorail.com\/","logo":{"@type":"ImageObject","inLanguage":"de","@id":"https:\/\/lejardindecorail.com\/#\/schema\/logo\/image\/","url":"https:\/\/lejardindecorail.com\/wp-content\/uploads\/2025\/04\/le-jardin-de-corail-1.png","contentUrl":"https:\/\/lejardindecorail.com\/wp-content\/uploads\/2025\/04\/le-jardin-de-corail-1.png","width":559,"height":285,"caption":"Le Jardin de Corail"},"image":{"@id":"https:\/\/lejardindecorail.com\/#\/schema\/logo\/image\/"},"sameAs":["https:\/\/www.facebook.com\/profile.php?id=61584957233103","https:\/\/www.instagram.com\/jardin_de_corail\/"]}]}},"_links":{"self":[{"href":"https:\/\/lejardindecorail.com\/de\/wp-json\/wp\/v2\/superhote_rental\/1211","targetHints":{"allow":["GET"]}}],"collection":[{"href":"https:\/\/lejardindecorail.com\/de\/wp-json\/wp\/v2\/superhote_rental"}],"about":[{"href":"https:\/\/lejardindecorail.com\/de\/wp-json\/wp\/v2\/types\/superhote_rental"}],"version-history":[{"count":8,"href":"https:\/\/lejardindecorail.com\/de\/wp-json\/wp\/v2\/superhote_rental\/1211\/revisions"}],"predecessor-version":[{"id":1459,"href":"https:\/\/lejardindecorail.com\/de\/wp-json\/wp\/v2\/superhote_rental\/1211\/revisions\/1459"}],"wp:attachment":[{"href":"https:\/\/lejardindecorail.com\/de\/wp-json\/wp\/v2\/media?parent=1211"}],"curies":[{"name":"wp","href":"https:\/\/api.w.org\/{rel}","templated":true}]}}