{"id":1212,"date":"2026-03-08T21:19:31","date_gmt":"2026-03-08T20:19:31","guid":{"rendered":"https:\/\/lejardindecorail.com\/superhote-logement\/le-kazuarina-%c2%b7-superbe-le-kazuarina-beau-f3-a-50m-du-lagon\/"},"modified":"2026-04-26T16:30:10","modified_gmt":"2026-04-26T14:30:10","slug":"le-kazuarina-%c2%b7-superbe-le-kazuarina-beau-f3-a-50m-du-lagon","status":"publish","type":"superhote_rental","link":"https:\/\/lejardindecorail.com\/de\/reunion-vermietung\/le-kazuarina-%c2%b7-superbe-le-kazuarina-beau-f3-a-50m-du-lagon\/","title":{"rendered":"Le Kazuarina \u00b7 Superbe ! Le Kazuarina, beau F3 \u00e0 50m du lagon"},"content":{"rendered":"<p>Tr\u00e8s bel apt F3 de 48m2 avec varangue sans vis \u00e0 vis de 14m2 id\u00e9alement situ\u00e9 \u00e0 50m \u00e0 pieds de la plage de la Saline les Bains accessible par une sente juste en face de la r\u00e9sidence. L&rsquo;apt enti\u00e8rement climatis\u00e9 se trouve au 2e \u00e9tage d&rsquo;une r\u00e9sidence de standing tr\u00e8s calme et proche de toutes commodit\u00e9s. Il y a 2 places de parking privatives et s\u00e9curis\u00e9es. Il se compose d&rsquo;un salon, d&rsquo;une salle de bains, d&rsquo;une cuisine toute \u00e9quip\u00e9e, d&rsquo;une chambre avec lit 160 et d&rsquo;une mezzanine avec lit 140\u200b<\/p>\n<p>\u200b<\/p>\n<p><\/p>\n<p><\/p>\n<p><\/p>\n<p><\/p>","protected":false},"excerpt":{"rendered":"<p>Tr\u00e8s bel apt F3 de 48m2 avec varangue sans vis \u00e0 vis de 14m2 id\u00e9alement situ\u00e9 \u00e0 50m \u00e0 pieds de la plage de la Saline les Bains accessible par une sente juste en face de la r\u00e9sidence. L&rsquo;apt enti\u00e8rement\u2026<\/p>","protected":false},"featured_media":0,"template":"","meta":[],"class_list":["post-1212","superhote_rental","type-superhote_rental","status-publish","hentry"],"yoast_head":"<!-- This site is optimized with the Yoast SEO plugin v26.7 - https:\/\/yoast.com\/wordpress\/plugins\/seo\/ -->\n<title>Le Kazuarina \u00b7 Superbe ! Le Kazuarina, beau F3 \u00e0 50m du lagon | Le Jardin de Corail<\/title>\n<meta name=\"robots\" content=\"index, follow, max-snippet:-1, max-image-preview:large, max-video-preview:-1\" \/>\n<link rel=\"canonical\" href=\"https:\/\/lejardindecorail.com\/de\/reunion-vermietung\/le-kazuarina-\u00b7-superbe-le-kazuarina-beau-f3-a-50m-du-lagon\/\" \/>\n<meta property=\"og:locale\" content=\"de_DE\" \/>\n<meta property=\"og:type\" content=\"article\" \/>\n<meta property=\"og:title\" content=\"Le Kazuarina \u00b7 Superbe ! Le Kazuarina, beau F3 \u00e0 50m du lagon | Le Jardin de Corail\" \/>\n<meta property=\"og:description\" content=\"Tr\u00e8s bel apt F3 de 48m2 avec varangue sans vis \u00e0 vis de 14m2 id\u00e9alement situ\u00e9 \u00e0 50m \u00e0 pieds de la plage de la Saline les Bains accessible par une sente juste en face de la r\u00e9sidence. L&#039;apt enti\u00e8rement\u2026\" \/>\n<meta property=\"og:url\" content=\"https:\/\/lejardindecorail.com\/de\/reunion-vermietung\/le-kazuarina-\u00b7-superbe-le-kazuarina-beau-f3-a-50m-du-lagon\/\" \/>\n<meta property=\"og:site_name\" content=\"Le Jardin de Corail\" \/>\n<meta property=\"article:publisher\" content=\"https:\/\/www.facebook.com\/profile.php?id=61584957233103\" \/>\n<meta property=\"article:modified_time\" content=\"2026-04-26T14:30:10+00:00\" \/>\n<meta property=\"og:image\" content=\"https:\/\/lejardindecorail.com\/wp-content\/uploads\/2025\/04\/cropped-le-jardin-de-corail-1.png\" \/>\n\t<meta property=\"og:image:width\" content=\"549\" \/>\n\t<meta property=\"og:image:height\" content=\"279\" \/>\n\t<meta property=\"og:image:type\" content=\"image\/png\" \/>\n<meta name=\"twitter:card\" content=\"summary_large_image\" \/>\n<script type=\"application\/ld+json\" class=\"yoast-schema-graph\">{\"@context\":\"https:\/\/schema.org\",\"@graph\":[{\"@type\":\"WebPage\",\"@id\":\"https:\/\/lejardindecorail.com\/location-reunion\/le-kazuarina-%c2%b7-superbe-le-kazuarina-beau-f3-a-50m-du-lagon\/\",\"url\":\"https:\/\/lejardindecorail.com\/location-reunion\/le-kazuarina-%c2%b7-superbe-le-kazuarina-beau-f3-a-50m-du-lagon\/\",\"name\":\"Le Kazuarina \u00b7 Superbe ! Le Kazuarina, beau F3 \u00e0 50m du lagon | Le Jardin de Corail\",\"isPartOf\":{\"@id\":\"https:\/\/lejardindecorail.com\/#website\"},\"datePublished\":\"2026-03-08T20:19:31+00:00\",\"dateModified\":\"2026-04-26T14:30:10+00:00\",\"breadcrumb\":{\"@id\":\"https:\/\/lejardindecorail.com\/location-reunion\/le-kazuarina-%c2%b7-superbe-le-kazuarina-beau-f3-a-50m-du-lagon\/#breadcrumb\"},\"inLanguage\":\"de\",\"potentialAction\":[{\"@type\":\"ReadAction\",\"target\":[\"https:\/\/lejardindecorail.com\/location-reunion\/le-kazuarina-%c2%b7-superbe-le-kazuarina-beau-f3-a-50m-du-lagon\/\"]}]},{\"@type\":\"BreadcrumbList\",\"@id\":\"https:\/\/lejardindecorail.com\/location-reunion\/le-kazuarina-%c2%b7-superbe-le-kazuarina-beau-f3-a-50m-du-lagon\/#breadcrumb\",\"itemListElement\":[{\"@type\":\"ListItem\",\"position\":1,\"name\":\"Home\",\"item\":\"https:\/\/lejardindecorail.com\/\"},{\"@type\":\"ListItem\",\"position\":2,\"name\":\"Le Kazuarina \u00b7 Superbe ! Le Kazuarina, beau F3 \u00e0 50m du lagon\"}]},{\"@type\":\"WebSite\",\"@id\":\"https:\/\/lejardindecorail.com\/#website\",\"url\":\"https:\/\/lejardindecorail.com\/\",\"name\":\"Le Jardin de Corail |\u00a0Location saisonni\u00e8re Conciergerie \u00e0 la R\u00e9union\",\"description\":\"Locations \u00e0 La R\u00e9union\",\"publisher\":{\"@id\":\"https:\/\/lejardindecorail.com\/#organization\"},\"potentialAction\":[{\"@type\":\"SearchAction\",\"target\":{\"@type\":\"EntryPoint\",\"urlTemplate\":\"https:\/\/lejardindecorail.com\/?s={search_term_string}\"},\"query-input\":{\"@type\":\"PropertyValueSpecification\",\"valueRequired\":true,\"valueName\":\"search_term_string\"}}],\"inLanguage\":\"de\"},{\"@type\":\"Organization\",\"@id\":\"https:\/\/lejardindecorail.com\/#organization\",\"name\":\"Le Jardin de Corail\",\"url\":\"https:\/\/lejardindecorail.com\/\",\"logo\":{\"@type\":\"ImageObject\",\"inLanguage\":\"de\",\"@id\":\"https:\/\/lejardindecorail.com\/#\/schema\/logo\/image\/\",\"url\":\"https:\/\/lejardindecorail.com\/wp-content\/uploads\/2025\/04\/le-jardin-de-corail-1.png\",\"contentUrl\":\"https:\/\/lejardindecorail.com\/wp-content\/uploads\/2025\/04\/le-jardin-de-corail-1.png\",\"width\":559,\"height\":285,\"caption\":\"Le Jardin de Corail\"},\"image\":{\"@id\":\"https:\/\/lejardindecorail.com\/#\/schema\/logo\/image\/\"},\"sameAs\":[\"https:\/\/www.facebook.com\/profile.php?id=61584957233103\",\"https:\/\/www.instagram.com\/jardin_de_corail\/\"]}]}<\/script>\n<!-- \/ Yoast SEO plugin. -->","yoast_head_json":{"title":"Le Kazuarina \u00b7 Superbe ! Le Kazuarina, beau F3 \u00e0 50m du lagon | Le Jardin de Corail","robots":{"index":"index","follow":"follow","max-snippet":"max-snippet:-1","max-image-preview":"max-image-preview:large","max-video-preview":"max-video-preview:-1"},"canonical":"https:\/\/lejardindecorail.com\/de\/reunion-vermietung\/le-kazuarina-\u00b7-superbe-le-kazuarina-beau-f3-a-50m-du-lagon\/","og_locale":"de_DE","og_type":"article","og_title":"Le Kazuarina \u00b7 Superbe ! Le Kazuarina, beau F3 \u00e0 50m du lagon | Le Jardin de Corail","og_description":"Tr\u00e8s bel apt F3 de 48m2 avec varangue sans vis \u00e0 vis de 14m2 id\u00e9alement situ\u00e9 \u00e0 50m \u00e0 pieds de la plage de la Saline les Bains accessible par une sente juste en face de la r\u00e9sidence. L'apt enti\u00e8rement\u2026","og_url":"https:\/\/lejardindecorail.com\/de\/reunion-vermietung\/le-kazuarina-\u00b7-superbe-le-kazuarina-beau-f3-a-50m-du-lagon\/","og_site_name":"Le Jardin de Corail","article_publisher":"https:\/\/www.facebook.com\/profile.php?id=61584957233103","article_modified_time":"2026-04-26T14:30:10+00:00","og_image":[{"width":549,"height":279,"url":"https:\/\/lejardindecorail.com\/wp-content\/uploads\/2025\/04\/cropped-le-jardin-de-corail-1.png","type":"image\/png"}],"twitter_card":"summary_large_image","schema":{"@context":"https:\/\/schema.org","@graph":[{"@type":"WebPage","@id":"https:\/\/lejardindecorail.com\/location-reunion\/le-kazuarina-%c2%b7-superbe-le-kazuarina-beau-f3-a-50m-du-lagon\/","url":"https:\/\/lejardindecorail.com\/location-reunion\/le-kazuarina-%c2%b7-superbe-le-kazuarina-beau-f3-a-50m-du-lagon\/","name":"Le Kazuarina \u00b7 Superbe ! Le Kazuarina, beau F3 \u00e0 50m du lagon | Le Jardin de Corail","isPartOf":{"@id":"https:\/\/lejardindecorail.com\/#website"},"datePublished":"2026-03-08T20:19:31+00:00","dateModified":"2026-04-26T14:30:10+00:00","breadcrumb":{"@id":"https:\/\/lejardindecorail.com\/location-reunion\/le-kazuarina-%c2%b7-superbe-le-kazuarina-beau-f3-a-50m-du-lagon\/#breadcrumb"},"inLanguage":"de","potentialAction":[{"@type":"ReadAction","target":["https:\/\/lejardindecorail.com\/location-reunion\/le-kazuarina-%c2%b7-superbe-le-kazuarina-beau-f3-a-50m-du-lagon\/"]}]},{"@type":"BreadcrumbList","@id":"https:\/\/lejardindecorail.com\/location-reunion\/le-kazuarina-%c2%b7-superbe-le-kazuarina-beau-f3-a-50m-du-lagon\/#breadcrumb","itemListElement":[{"@type":"ListItem","position":1,"name":"Home","item":"https:\/\/lejardindecorail.com\/"},{"@type":"ListItem","position":2,"name":"Le Kazuarina \u00b7 Superbe ! Le Kazuarina, beau F3 \u00e0 50m du lagon"}]},{"@type":"WebSite","@id":"https:\/\/lejardindecorail.com\/#website","url":"https:\/\/lejardindecorail.com\/","name":"Der Korallengarten | Saisonvermietung Conciergeservice auf La R\u00e9union","description":"Vermietungen auf La R\u00e9union","publisher":{"@id":"https:\/\/lejardindecorail.com\/#organization"},"potentialAction":[{"@type":"SearchAction","target":{"@type":"EntryPoint","urlTemplate":"https:\/\/lejardindecorail.com\/?s={search_term_string}"},"query-input":{"@type":"PropertyValueSpecification","valueRequired":true,"valueName":"search_term_string"}}],"inLanguage":"de"},{"@type":"Organization","@id":"https:\/\/lejardindecorail.com\/#organization","name":"Der Korallengarten","url":"https:\/\/lejardindecorail.com\/","logo":{"@type":"ImageObject","inLanguage":"de","@id":"https:\/\/lejardindecorail.com\/#\/schema\/logo\/image\/","url":"https:\/\/lejardindecorail.com\/wp-content\/uploads\/2025\/04\/le-jardin-de-corail-1.png","contentUrl":"https:\/\/lejardindecorail.com\/wp-content\/uploads\/2025\/04\/le-jardin-de-corail-1.png","width":559,"height":285,"caption":"Le Jardin de Corail"},"image":{"@id":"https:\/\/lejardindecorail.com\/#\/schema\/logo\/image\/"},"sameAs":["https:\/\/www.facebook.com\/profile.php?id=61584957233103","https:\/\/www.instagram.com\/jardin_de_corail\/"]}]}},"_links":{"self":[{"href":"https:\/\/lejardindecorail.com\/de\/wp-json\/wp\/v2\/superhote_rental\/1212","targetHints":{"allow":["GET"]}}],"collection":[{"href":"https:\/\/lejardindecorail.com\/de\/wp-json\/wp\/v2\/superhote_rental"}],"about":[{"href":"https:\/\/lejardindecorail.com\/de\/wp-json\/wp\/v2\/types\/superhote_rental"}],"version-history":[{"count":8,"href":"https:\/\/lejardindecorail.com\/de\/wp-json\/wp\/v2\/superhote_rental\/1212\/revisions"}],"predecessor-version":[{"id":1460,"href":"https:\/\/lejardindecorail.com\/de\/wp-json\/wp\/v2\/superhote_rental\/1212\/revisions\/1460"}],"wp:attachment":[{"href":"https:\/\/lejardindecorail.com\/de\/wp-json\/wp\/v2\/media?parent=1212"}],"curies":[{"name":"wp","href":"https:\/\/api.w.org\/{rel}","templated":true}]}}